{"id":11412,"date":"2026-04-23T15:22:10","date_gmt":"2026-04-23T13:22:10","guid":{"rendered":"https:\/\/wellnesshotelfiemme.com\/?post_type=offerta&#038;p=11412"},"modified":"2026-04-23T15:22:10","modified_gmt":"2026-04-23T13:22:10","slug":"magischen-herst-2","status":"publish","type":"offerta","link":"https:\/\/wellnesshotelfiemme.com\/de\/offerta\/magischen-herst-2\/","title":{"rendered":"Magischen Herst"},"content":{"rendered":"<p><strong>Der Herbst ist die magischste Jahreszeit des Jahres,\u00a0<\/strong>und hier im Fleimstal befindet sich man von einer\u00a0<strong>Explosion der Farben<\/strong>\u00a0umgeben.<br \/>\nAlles rund man ist von\u00a0<strong>Ruhe \u00fcberflutet<\/strong>\u00a0und das ist der<strong>\u00a0beste Moment, um die Natur dieser au\u00dfergew\u00f6hnlichen Landschaft zu erkunden<\/strong>, nat\u00fcrlich in\u00a0<strong>unserem Begleitung<\/strong>.<\/p>\n<p>Ob f\u00fcr eine\u00a0<strong>Wanderung in den Bergen<\/strong>, einen\u00a0<strong>entspannenden Spaziergang am Talgrund<\/strong>, eine\u00a0<strong>Radtour, eine Wanderung mit elektrischen MBT-Radfahren mit assistiertem Peding<\/strong>\u00a0oder\u00a0f\u00fcr eine\u00a0<strong>Verkostung<\/strong>\u00a0von lokalen Produkten\u2026\u00a0<strong>Jeder Moment wird eine Erinnungen<\/strong>!<\/p>\n<p>Bei Ihrer R\u00fcckkehr,<strong>\u00a0empf\u00e4ngt Sie Silvia mit einem L\u00e4cheln in unserem <a href=\"https:\/\/wellnesshotelfiemme.com\/de\/wellness\/\">Wellnesscenter<\/a><\/strong>\u00a0f\u00fcr einige Stunden Entspannung, und sp\u00e4ter, um zum Anschulss\u00a0<strong><a href=\"https:\/\/wellnesshotelfiemme.com\/de\/kueche-und-aromen\/\">ein Abendessen mit echten Aromen<\/a><\/strong>\u00a0vom Hausherrscher zubereitet: Chef Walter.<\/p>\n<p>Lassen Sie sich unser Angebot f\u00fcr einen Aufenthalt von mindestens 4 N\u00e4chten nicht entgehen.<\/p>\n","protected":false},"featured_media":7199,"template":"","categories":[],"tags":[56],"class_list":["post-11412","offerta","type-offerta","status-publish","has-post-thumbnail","hentry","tag-sommer"],"yoast_head":"<!-- This site is optimized with the Yoast SEO plugin v27.3 - https:\/\/yoast.com\/product\/yoast-seo-wordpress\/ -->\n<title>Magischen Herst - Wellness Hotel Erica<\/title>\n<meta name=\"robots\" content=\"index, follow, max-snippet:-1, max-image-preview:large, max-video-preview:-1\" \/>\n<link rel=\"canonical\" href=\"https:\/\/wellnesshotelfiemme.com\/de\/offerta\/magischen-herst-2\/\" \/>\n<meta property=\"og:locale\" content=\"de_DE\" \/>\n<meta property=\"og:type\" content=\"article\" \/>\n<meta property=\"og:title\" content=\"Magischen Herst - Wellness Hotel Erica\" \/>\n<meta property=\"og:description\" content=\"Der Herbst ist die magischste Jahreszeit des Jahres,\u00a0und hier im Fleimstal befindet sich man von einer\u00a0Explosion der Farben\u00a0umgeben. Alles rund man ist von\u00a0Ruhe \u00fcberflutet\u00a0und das ist der\u00a0beste Moment, um die Natur dieser au\u00dfergew\u00f6hnlichen Landschaft zu erkunden, nat\u00fcrlich in\u00a0unserem Begleitung. Ob f\u00fcr eine\u00a0Wanderung in den Bergen, einen\u00a0entspannenden Spaziergang am Talgrund, eine\u00a0Radtour, eine Wanderung mit elektrischen MBT-Radfahren [&hellip;]\" \/>\n<meta property=\"og:url\" content=\"https:\/\/wellnesshotelfiemme.com\/de\/offerta\/magischen-herst-2\/\" \/>\n<meta property=\"og:site_name\" content=\"Wellness Hotel Erica\" \/>\n<meta property=\"article:publisher\" content=\"https:\/\/www.facebook.com\/hotelericafreedominthealps\/\" \/>\n<meta property=\"og:image\" content=\"https:\/\/wellnesshotelfiemme.com\/wp-content\/uploads\/2024\/09\/vacanza-yoga-daniela-lanza-3-scaled.jpg\" \/>\n\t<meta property=\"og:image:width\" content=\"2560\" \/>\n\t<meta property=\"og:image:height\" content=\"1707\" \/>\n\t<meta property=\"og:image:type\" content=\"image\/jpeg\" \/>\n<meta name=\"twitter:card\" content=\"summary_large_image\" \/>\n<meta name=\"twitter:label1\" content=\"Gesch\u00e4tzte Lesezeit\" \/>\n\t<meta name=\"twitter:data1\" content=\"1\u00a0Minute\" \/>\n<script type=\"application\/ld+json\" class=\"yoast-schema-graph\">{\"@context\":\"https:\\\/\\\/schema.org\",\"@graph\":[{\"@type\":\"WebPage\",\"@id\":\"https:\\\/\\\/wellnesshotelfiemme.com\\\/de\\\/offerta\\\/magischen-herst-2\\\/\",\"url\":\"https:\\\/\\\/wellnesshotelfiemme.com\\\/de\\\/offerta\\\/magischen-herst-2\\\/\",\"name\":\"Magischen Herst - Wellness Hotel Erica\",\"isPartOf\":{\"@id\":\"https:\\\/\\\/wellnesshotelfiemme.com\\\/#website\"},\"primaryImageOfPage\":{\"@id\":\"https:\\\/\\\/wellnesshotelfiemme.com\\\/de\\\/offerta\\\/magischen-herst-2\\\/#primaryimage\"},\"image\":{\"@id\":\"https:\\\/\\\/wellnesshotelfiemme.com\\\/de\\\/offerta\\\/magischen-herst-2\\\/#primaryimage\"},\"thumbnailUrl\":\"https:\\\/\\\/wellnesshotelfiemme.com\\\/wp-content\\\/uploads\\\/2024\\\/09\\\/vacanza-yoga-daniela-lanza-3-scaled.jpg\",\"datePublished\":\"2026-04-23T13:22:10+00:00\",\"breadcrumb\":{\"@id\":\"https:\\\/\\\/wellnesshotelfiemme.com\\\/de\\\/offerta\\\/magischen-herst-2\\\/#breadcrumb\"},\"inLanguage\":\"de\",\"potentialAction\":[{\"@type\":\"ReadAction\",\"target\":[\"https:\\\/\\\/wellnesshotelfiemme.com\\\/de\\\/offerta\\\/magischen-herst-2\\\/\"]}]},{\"@type\":\"ImageObject\",\"inLanguage\":\"de\",\"@id\":\"https:\\\/\\\/wellnesshotelfiemme.com\\\/de\\\/offerta\\\/magischen-herst-2\\\/#primaryimage\",\"url\":\"https:\\\/\\\/wellnesshotelfiemme.com\\\/wp-content\\\/uploads\\\/2024\\\/09\\\/vacanza-yoga-daniela-lanza-3-scaled.jpg\",\"contentUrl\":\"https:\\\/\\\/wellnesshotelfiemme.com\\\/wp-content\\\/uploads\\\/2024\\\/09\\\/vacanza-yoga-daniela-lanza-3-scaled.jpg\",\"width\":2560,\"height\":1707},{\"@type\":\"BreadcrumbList\",\"@id\":\"https:\\\/\\\/wellnesshotelfiemme.com\\\/de\\\/offerta\\\/magischen-herst-2\\\/#breadcrumb\",\"itemListElement\":[{\"@type\":\"ListItem\",\"position\":1,\"name\":\"Home\",\"item\":\"https:\\\/\\\/wellnesshotelfiemme.com\\\/de\\\/\"},{\"@type\":\"ListItem\",\"position\":2,\"name\":\"Offers\",\"item\":\"https:\\\/\\\/wellnesshotelfiemme.com\\\/offerta\\\/\"},{\"@type\":\"ListItem\",\"position\":3,\"name\":\"Magischen Herst\"}]},{\"@type\":\"WebSite\",\"@id\":\"https:\\\/\\\/wellnesshotelfiemme.com\\\/#website\",\"url\":\"https:\\\/\\\/wellnesshotelfiemme.com\\\/\",\"name\":\"Wellness Hotel Erica\",\"description\":\"\",\"publisher\":{\"@id\":\"https:\\\/\\\/wellnesshotelfiemme.com\\\/#organization\"},\"potentialAction\":[{\"@type\":\"SearchAction\",\"target\":{\"@type\":\"EntryPoint\",\"urlTemplate\":\"https:\\\/\\\/wellnesshotelfiemme.com\\\/?s={search_term_string}\"},\"query-input\":{\"@type\":\"PropertyValueSpecification\",\"valueRequired\":true,\"valueName\":\"search_term_string\"}}],\"inLanguage\":\"de\"},{\"@type\":\"Organization\",\"@id\":\"https:\\\/\\\/wellnesshotelfiemme.com\\\/#organization\",\"name\":\"Wellness Hotel Erica\",\"url\":\"https:\\\/\\\/wellnesshotelfiemme.com\\\/\",\"logo\":{\"@type\":\"ImageObject\",\"inLanguage\":\"de\",\"@id\":\"https:\\\/\\\/wellnesshotelfiemme.com\\\/#\\\/schema\\\/logo\\\/image\\\/\",\"url\":\"https:\\\/\\\/wellnesshotelfiemme.com\\\/wp-content\\\/uploads\\\/2024\\\/03\\\/Hotel_Erica_logo.webp\",\"contentUrl\":\"https:\\\/\\\/wellnesshotelfiemme.com\\\/wp-content\\\/uploads\\\/2024\\\/03\\\/Hotel_Erica_logo.webp\",\"width\":340,\"height\":165,\"caption\":\"Wellness Hotel Erica\"},\"image\":{\"@id\":\"https:\\\/\\\/wellnesshotelfiemme.com\\\/#\\\/schema\\\/logo\\\/image\\\/\"},\"sameAs\":[\"https:\\\/\\\/www.facebook.com\\\/hotelericafreedominthealps\\\/\",\"https:\\\/\\\/www.instagram.com\\\/hotel_erica_freedominthealps\\\/freedominthealps\\\/\"]}]}<\/script>\n<!-- \/ Yoast SEO plugin. -->","yoast_head_json":{"title":"Magischen Herst - Wellness Hotel Erica","robots":{"index":"index","follow":"follow","max-snippet":"max-snippet:-1","max-image-preview":"max-image-preview:large","max-video-preview":"max-video-preview:-1"},"canonical":"https:\/\/wellnesshotelfiemme.com\/de\/offerta\/magischen-herst-2\/","og_locale":"de_DE","og_type":"article","og_title":"Magischen Herst - Wellness Hotel Erica","og_description":"Der Herbst ist die magischste Jahreszeit des Jahres,\u00a0und hier im Fleimstal befindet sich man von einer\u00a0Explosion der Farben\u00a0umgeben. Alles rund man ist von\u00a0Ruhe \u00fcberflutet\u00a0und das ist der\u00a0beste Moment, um die Natur dieser au\u00dfergew\u00f6hnlichen Landschaft zu erkunden, nat\u00fcrlich in\u00a0unserem Begleitung. Ob f\u00fcr eine\u00a0Wanderung in den Bergen, einen\u00a0entspannenden Spaziergang am Talgrund, eine\u00a0Radtour, eine Wanderung mit elektrischen MBT-Radfahren [&hellip;]","og_url":"https:\/\/wellnesshotelfiemme.com\/de\/offerta\/magischen-herst-2\/","og_site_name":"Wellness Hotel Erica","article_publisher":"https:\/\/www.facebook.com\/hotelericafreedominthealps\/","og_image":[{"width":2560,"height":1707,"url":"https:\/\/wellnesshotelfiemme.com\/wp-content\/uploads\/2024\/09\/vacanza-yoga-daniela-lanza-3-scaled.jpg","type":"image\/jpeg"}],"twitter_card":"summary_large_image","twitter_misc":{"Gesch\u00e4tzte Lesezeit":"1\u00a0Minute"},"schema":{"@context":"https:\/\/schema.org","@graph":[{"@type":"WebPage","@id":"https:\/\/wellnesshotelfiemme.com\/de\/offerta\/magischen-herst-2\/","url":"https:\/\/wellnesshotelfiemme.com\/de\/offerta\/magischen-herst-2\/","name":"Magischen Herst - Wellness Hotel Erica","isPartOf":{"@id":"https:\/\/wellnesshotelfiemme.com\/#website"},"primaryImageOfPage":{"@id":"https:\/\/wellnesshotelfiemme.com\/de\/offerta\/magischen-herst-2\/#primaryimage"},"image":{"@id":"https:\/\/wellnesshotelfiemme.com\/de\/offerta\/magischen-herst-2\/#primaryimage"},"thumbnailUrl":"https:\/\/wellnesshotelfiemme.com\/wp-content\/uploads\/2024\/09\/vacanza-yoga-daniela-lanza-3-scaled.jpg","datePublished":"2026-04-23T13:22:10+00:00","breadcrumb":{"@id":"https:\/\/wellnesshotelfiemme.com\/de\/offerta\/magischen-herst-2\/#breadcrumb"},"inLanguage":"de","potentialAction":[{"@type":"ReadAction","target":["https:\/\/wellnesshotelfiemme.com\/de\/offerta\/magischen-herst-2\/"]}]},{"@type":"ImageObject","inLanguage":"de","@id":"https:\/\/wellnesshotelfiemme.com\/de\/offerta\/magischen-herst-2\/#primaryimage","url":"https:\/\/wellnesshotelfiemme.com\/wp-content\/uploads\/2024\/09\/vacanza-yoga-daniela-lanza-3-scaled.jpg","contentUrl":"https:\/\/wellnesshotelfiemme.com\/wp-content\/uploads\/2024\/09\/vacanza-yoga-daniela-lanza-3-scaled.jpg","width":2560,"height":1707},{"@type":"BreadcrumbList","@id":"https:\/\/wellnesshotelfiemme.com\/de\/offerta\/magischen-herst-2\/#breadcrumb","itemListElement":[{"@type":"ListItem","position":1,"name":"Home","item":"https:\/\/wellnesshotelfiemme.com\/de\/"},{"@type":"ListItem","position":2,"name":"Offers","item":"https:\/\/wellnesshotelfiemme.com\/offerta\/"},{"@type":"ListItem","position":3,"name":"Magischen Herst"}]},{"@type":"WebSite","@id":"https:\/\/wellnesshotelfiemme.com\/#website","url":"https:\/\/wellnesshotelfiemme.com\/","name":"Wellness Hotel Erica","description":"","publisher":{"@id":"https:\/\/wellnesshotelfiemme.com\/#organization"},"potentialAction":[{"@type":"SearchAction","target":{"@type":"EntryPoint","urlTemplate":"https:\/\/wellnesshotelfiemme.com\/?s={search_term_string}"},"query-input":{"@type":"PropertyValueSpecification","valueRequired":true,"valueName":"search_term_string"}}],"inLanguage":"de"},{"@type":"Organization","@id":"https:\/\/wellnesshotelfiemme.com\/#organization","name":"Wellness Hotel Erica","url":"https:\/\/wellnesshotelfiemme.com\/","logo":{"@type":"ImageObject","inLanguage":"de","@id":"https:\/\/wellnesshotelfiemme.com\/#\/schema\/logo\/image\/","url":"https:\/\/wellnesshotelfiemme.com\/wp-content\/uploads\/2024\/03\/Hotel_Erica_logo.webp","contentUrl":"https:\/\/wellnesshotelfiemme.com\/wp-content\/uploads\/2024\/03\/Hotel_Erica_logo.webp","width":340,"height":165,"caption":"Wellness Hotel Erica"},"image":{"@id":"https:\/\/wellnesshotelfiemme.com\/#\/schema\/logo\/image\/"},"sameAs":["https:\/\/www.facebook.com\/hotelericafreedominthealps\/","https:\/\/www.instagram.com\/hotel_erica_freedominthealps\/freedominthealps\/"]}]}},"meta_box":{"subtitle":"Yoga, Natura e Rigenerazione nelle Dolomiti della Val di Fiemme","periodo":"dal 13 al 20 giugno","prezzo_da":"\u20ac 779,00 a persona in camera standard (doppia o tripla), in mezza pensione","mini_gallery":[{"width":150,"height":150,"file":"2026\/04\/WhatsApp-Image-2025-12-14-at-16.32.58.jpeg","filesize":149938,"sizes":{"medium":{"file":"WhatsApp-Image-2025-12-14-at-16.32.58-300x300.jpeg","width":300,"height":300,"mime-type":"image\/jpeg","filesize":22093,"url":"https:\/\/wellnesshotelfiemme.com\/wp-content\/uploads\/2026\/04\/WhatsApp-Image-2025-12-14-at-16.32.58-300x300.jpeg"},"large":{"file":"WhatsApp-Image-2025-12-14-at-16.32.58-1024x1024.jpeg","width":1024,"height":1024,"mime-type":"image\/jpeg","filesize":153863,"url":"https:\/\/wellnesshotelfiemme.com\/wp-content\/uploads\/2026\/04\/WhatsApp-Image-2025-12-14-at-16.32.58-1024x1024.jpeg"},"thumbnail":{"file":"WhatsApp-Image-2025-12-14-at-16.32.58-150x150.jpeg","width":150,"height":150,"mime-type":"image\/jpeg","filesize":7279,"url":"https:\/\/wellnesshotelfiemme.com\/wp-content\/uploads\/2026\/04\/WhatsApp-Image-2025-12-14-at-16.32.58-150x150.jpeg"},"medium_large":{"file":"WhatsApp-Image-2025-12-14-at-16.32.58-768x768.jpeg","width":768,"height":768,"mime-type":"image\/jpeg","filesize":98841,"url":"https:\/\/wellnesshotelfiemme.com\/wp-content\/uploads\/2026\/04\/WhatsApp-Image-2025-12-14-at-16.32.58-768x768.jpeg"}},"image_meta":{"aperture":"0","credit":"","camera":"","caption":"","created_timestamp":"0","copyright":"","focal_length":"0","iso":"0","shutter_speed":"0","title":"","orientation":"0","keywords":[]},"ID":"11414","name":"WhatsApp-Image-2025-12-14-at-16.32.58.jpeg","path":"\/home\/u247373332\/domains\/wellnesshotelfiemme.com\/public_html\/wp-content\/uploads\/2026\/04\/WhatsApp-Image-2025-12-14-at-16.32.58.jpeg","url":"https:\/\/wellnesshotelfiemme.com\/wp-content\/uploads\/2026\/04\/WhatsApp-Image-2025-12-14-at-16.32.58-150x150.jpeg","full_url":"https:\/\/wellnesshotelfiemme.com\/wp-content\/uploads\/2026\/04\/WhatsApp-Image-2025-12-14-at-16.32.58.jpeg","title":"WhatsApp Image 2025-12-14 at 16.32.58","caption":"","description":"","alt":"","srcset":"https:\/\/wellnesshotelfiemme.com\/wp-content\/uploads\/2026\/04\/WhatsApp-Image-2025-12-14-at-16.32.58-150x150.jpeg 150w, https:\/\/wellnesshotelfiemme.com\/wp-content\/uploads\/2026\/04\/WhatsApp-Image-2025-12-14-at-16.32.58-300x300.jpeg 300w, https:\/\/wellnesshotelfiemme.com\/wp-content\/uploads\/2026\/04\/WhatsApp-Image-2025-12-14-at-16.32.58-1024x1024.jpeg 1024w, https:\/\/wellnesshotelfiemme.com\/wp-content\/uploads\/2026\/04\/WhatsApp-Image-2025-12-14-at-16.32.58-768x768.jpeg 768w, https:\/\/wellnesshotelfiemme.com\/wp-content\/uploads\/2026\/04\/WhatsApp-Image-2025-12-14-at-16.32.58.jpeg 1080w"}],"blocchi_testo":["<h6 class=\"moreinfo\">L\u2019OFFERTA INCLUDE<\/h6>\n<ul>\n<li>7 notti, trattamento di <strong>mezza pensione<\/strong>\u00a0con menu a 3 scelte, buffet d\u2019insalate;<\/li>\n<li>al pomeriggio una <strong>gustosa merenda con torta<\/strong> fatta in casa;<\/li>\n<li data-section-id=\"1rvp245\" data-start=\"754\" data-end=\"844\"><strong>Lezioni quotidiane di yoga<\/strong> adatte a tutti i livelli;<\/li>\n<li data-section-id=\"1r5b59z\" data-start=\"845\" data-end=\"915\"><strong>Pratiche di consapevolezza<\/strong>: pranayama, meditazione e mindfulness;<\/li>\n<li data-section-id=\"j5gi7l\" data-start=\"916\" data-end=\"990\">Sessioni rigeneranti di <strong>yoga serale<\/strong> per il recupero fisico e mentale;<\/li>\n<li>accesso al nostro meraviglioso e accogliente\u00a0<a href=\"https:\/\/wellnesshotelfiemme.com\/wellness\/\"><strong>centro benessere\u00a0<\/strong><\/a>con piscina interna\/esterna riscaldata, cabina a raggi infrarossi, sauna finlandese, bio-sauna, bagno turco, docce emozionali, vasca idromassaggio;<\/li>\n<li>programma settimanale con\u00a0escursioni guidate\u00a0da noi;<\/li>\n<li>programma settimanale di\u00a0<strong>Yoga, Meditazione<\/strong>\u00a0e\u00a0<strong>Respirazione<\/strong>\u00a0con\u00a0<a href=\"https:\/\/wellnesshotelfiemme.com\/it\/wellness\/yoga\/\">Giulia<\/a>;<\/li>\n<\/ul>\n","<h6 class=\"moreinfo\">SERVIZI INCLUSI<\/h6>\n<ul>\n<li>noleggio racchette\u00a0<strong>Nordic Walking<\/strong>;<\/li>\n<li><strong>noleggio biciclette<\/strong>, anche per bambini o seggiolini, sulla pista ciclabile di Lago di Tesero;<\/li>\n<li><strong>\u2018<a href=\"https:\/\/www.visitfiemme.it\/it\/eventi\/fiemme-cembra-guest-card\/esperienze\" target=\"_blank\" rel=\"noopener\">Fiemme Cembra Guest Card<\/a>\u2019\u00a0<\/strong>da usufruire per partecipare alle attivit\u00e0 in programma e\u00a0<strong>molto altro..<\/strong><\/li>\n<\/ul>\n"],"offerte_box_grigio":"<h6>Non mancheranno mai:<\/h6>\n<ul>\n<li><strong>Wi-Fi<\/strong>\u00a0per navigare in Internet in tutto l\u2019albergo;<\/li>\n<li><strong>parcheggio<\/strong>\u00a0esterno e coperto in\u00a0<strong>garage<\/strong>;<\/li>\n<li>su richiesta: cucina\u00a0<strong>vegetariana<\/strong>,\u00a0<strong>senza lattosio<\/strong>\u00a0e piatti dedicati a chi soffre di\u00a0<strong>allergie\u00a0<\/strong>o<strong> intolleranze.<\/strong><\/li>\n<\/ul>\n"},"_links":{"self":[{"href":"https:\/\/wellnesshotelfiemme.com\/de\/wp-json\/wp\/v2\/offerta\/11412","targetHints":{"allow":["GET"]}}],"collection":[{"href":"https:\/\/wellnesshotelfiemme.com\/de\/wp-json\/wp\/v2\/offerta"}],"about":[{"href":"https:\/\/wellnesshotelfiemme.com\/de\/wp-json\/wp\/v2\/types\/offerta"}],"wp:featuredmedia":[{"embeddable":true,"href":"https:\/\/wellnesshotelfiemme.com\/de\/wp-json\/wp\/v2\/media\/7199"}],"wp:attachment":[{"href":"https:\/\/wellnesshotelfiemme.com\/de\/wp-json\/wp\/v2\/media?parent=11412"}],"wp:term":[{"taxonomy":"category","embeddable":true,"href":"https:\/\/wellnesshotelfiemme.com\/de\/wp-json\/wp\/v2\/categories?post=11412"},{"taxonomy":"post_tag","embeddable":true,"href":"https:\/\/wellnesshotelfiemme.com\/de\/wp-json\/wp\/v2\/tags?post=11412"}],"curies":[{"name":"wp","href":"https:\/\/api.w.org\/{rel}","templated":true}]}}