{"id":10513,"date":"2025-02-17T18:21:39","date_gmt":"2025-02-17T17:21:39","guid":{"rendered":"https:\/\/wellnesshotelfiemme.com\/?post_type=offerta&#038;p=10513"},"modified":"2026-03-03T11:08:08","modified_gmt":"2026-03-03T10:08:08","slug":"dolomiti-spring-days-76","status":"publish","type":"offerta","link":"https:\/\/wellnesshotelfiemme.com\/de\/offerta\/dolomiti-spring-days-76\/","title":{"rendered":"Dolomiti Spring Days"},"content":{"rendered":"<p data-start=\"1133\" data-end=\"1213\">Mit <strong data-start=\"1137\" data-end=\"1161\">Dolomiti Spring Days<\/strong> lohnt sich der Fr\u00fchling in den Dolomiten noch mehr.<\/p>\n<p data-start=\"1215\" data-end=\"1389\">L\u00e4ngere Tage, perfekt pr\u00e4parierte Pisten am Morgen und die Sonne, die die Bergluft erw\u00e4rmt.<br data-start=\"1306\" data-end=\"1309\" \/>Mit diesem Angebot bleibst du l\u00e4nger und zahlst weniger: <strong data-start=\"1366\" data-end=\"1388\">ein Tag ist gratis<\/strong>.<\/p>\n<h6 data-start=\"1391\" data-end=\"1409\">FORMEL 7 = 6<\/h6>\n<p data-start=\"1410\" data-end=\"1441\"><strong data-start=\"1410\" data-end=\"1439\">Vom 15. M\u00e4rz bis 21. M\u00e4rz<\/strong><\/p>\n<ul data-start=\"1442\" data-end=\"1679\">\n<li data-start=\"1442\" data-end=\"1470\">\n<p data-start=\"1444\" data-end=\"1470\">7 N\u00e4chte zum Preis von 6<\/p>\n<\/li>\n<li data-start=\"1527\" data-end=\"1610\">\n<p data-start=\"1529\" data-end=\"1610\">Mehrt\u00e4giger Skipass Fiemme\/Obereggen f\u00fcr Erwachsene: <strong data-start=\"1582\" data-end=\"1608\">6 Tage zum Preis von 5<\/strong><\/p>\n<\/li>\n<li data-start=\"1611\" data-end=\"1646\">\n<p data-start=\"1613\" data-end=\"1646\"><strong data-start=\"1613\" data-end=\"1644\">322,00 \u20ac Skipass pro Person\u00a0<\/strong>(f\u00fcr den Skipass wird ein Gutschein ausgestellt, der im Skipassb\u00fcro vorgelegt werden muss; der entsprechende Betrag ist separat direkt im Skipassb\u00fcro zu bezahlen)<\/p>\n<\/li>\n<li data-start=\"1647\" data-end=\"1679\">\n<p data-start=\"1649\" data-end=\"1679\">5 % Erm\u00e4\u00dfigung auf den Skipass<\/p>\n<\/li>\n<\/ul>\n<p>&nbsp;<\/p>\n<h6 data-start=\"1681\" data-end=\"1699\">FORMEL 4 = 3<\/h6>\n<p data-start=\"1700\" data-end=\"1721\"><strong data-start=\"1700\" data-end=\"1719\">Ab dem 21. M\u00e4rz<\/strong><\/p>\n<ul data-start=\"1722\" data-end=\"1959\">\n<li data-start=\"1722\" data-end=\"1750\">\n<p data-start=\"1724\" data-end=\"1750\">4 N\u00e4chte zum Preis von 3<\/p>\n<\/li>\n<li data-start=\"1807\" data-end=\"1890\">\n<p data-start=\"1809\" data-end=\"1890\">Mehrt\u00e4giger Skipass Fiemme\/Obereggen f\u00fcr Erwachsene: <strong data-start=\"1862\" data-end=\"1888\">4 Tage zum Preis von 3<\/strong><\/p>\n<\/li>\n<li data-start=\"1891\" data-end=\"1926\">\n<p data-start=\"1893\" data-end=\"1926\"><strong data-start=\"1893\" data-end=\"1924\">183,00 \u20ac Skipass pro Person\u00a0<\/strong>(f\u00fcr den Skipass wird ein Gutschein ausgestellt, der im Skipassb\u00fcro vorgelegt werden muss; der entsprechende Betrag ist separat direkt im Skipassb\u00fcro zu bezahlen)<\/p>\n<\/li>\n<li data-start=\"1927\" data-end=\"1959\">\n<p data-start=\"1929\" data-end=\"1959\">5 % Erm\u00e4\u00dfigung auf den Skipass<\/p>\n<\/li>\n<\/ul>\n<p data-start=\"1961\" data-end=\"2114\">Eine ideale Gelegenheit, Sport, Entspannung und Natur zu verbinden und die letzten Skitage sowie die fr\u00fchlingshafte Atmosph\u00e4re der Dolomiten zu genie\u00dfen.<\/p>\n<p data-start=\"2116\" data-end=\"2155\" data-is-last-node=\"\" data-is-only-node=\"\"><strong>Mehr Zeit f\u00fcr dich \u2013 ein Tag geschenkt.<\/strong><\/p>\n","protected":false},"featured_media":1862,"template":"","categories":[],"tags":[58],"class_list":["post-10513","offerta","type-offerta","status-publish","has-post-thumbnail","hentry","tag-winter-de"],"yoast_head":"<!-- This site is optimized with the Yoast SEO plugin v27.3 - https:\/\/yoast.com\/product\/yoast-seo-wordpress\/ -->\n<title>Dolomiti Spring Days - Wellness Hotel Erica<\/title>\n<meta name=\"robots\" content=\"index, follow, max-snippet:-1, max-image-preview:large, max-video-preview:-1\" \/>\n<link rel=\"canonical\" href=\"https:\/\/wellnesshotelfiemme.com\/de\/offerta\/dolomiti-spring-days-76\/\" \/>\n<meta property=\"og:locale\" content=\"de_DE\" \/>\n<meta property=\"og:type\" content=\"article\" \/>\n<meta property=\"og:title\" content=\"Dolomiti Spring Days - Wellness Hotel Erica\" \/>\n<meta property=\"og:description\" content=\"Mit Dolomiti Spring Days lohnt sich der Fr\u00fchling in den Dolomiten noch mehr. L\u00e4ngere Tage, perfekt pr\u00e4parierte Pisten am Morgen und die Sonne, die die Bergluft erw\u00e4rmt.Mit diesem Angebot bleibst du l\u00e4nger und zahlst weniger: ein Tag ist gratis. FORMEL 7 = 6 Vom 15. M\u00e4rz bis 21. M\u00e4rz 7 N\u00e4chte zum Preis von 6 [&hellip;]\" \/>\n<meta property=\"og:url\" content=\"https:\/\/wellnesshotelfiemme.com\/de\/offerta\/dolomiti-spring-days-76\/\" \/>\n<meta property=\"og:site_name\" content=\"Wellness Hotel Erica\" \/>\n<meta property=\"article:publisher\" content=\"https:\/\/www.facebook.com\/hotelericafreedominthealps\/\" \/>\n<meta property=\"article:modified_time\" content=\"2026-03-03T10:08:08+00:00\" \/>\n<meta property=\"og:image\" content=\"https:\/\/wellnesshotelfiemme.com\/wp-content\/uploads\/2024\/09\/Alpe-Cermis-Modica-Sci-scaled.jpg\" \/>\n\t<meta property=\"og:image:width\" content=\"2560\" \/>\n\t<meta property=\"og:image:height\" content=\"1707\" \/>\n\t<meta property=\"og:image:type\" content=\"image\/jpeg\" \/>\n<meta name=\"twitter:card\" content=\"summary_large_image\" \/>\n<meta name=\"twitter:label1\" content=\"Gesch\u00e4tzte Lesezeit\" \/>\n\t<meta name=\"twitter:data1\" content=\"2\u00a0Minuten\" \/>\n<script type=\"application\/ld+json\" class=\"yoast-schema-graph\">{\"@context\":\"https:\\\/\\\/schema.org\",\"@graph\":[{\"@type\":\"WebPage\",\"@id\":\"https:\\\/\\\/wellnesshotelfiemme.com\\\/de\\\/offerta\\\/dolomiti-spring-days-76\\\/\",\"url\":\"https:\\\/\\\/wellnesshotelfiemme.com\\\/de\\\/offerta\\\/dolomiti-spring-days-76\\\/\",\"name\":\"Dolomiti Spring Days - Wellness Hotel Erica\",\"isPartOf\":{\"@id\":\"https:\\\/\\\/wellnesshotelfiemme.com\\\/#website\"},\"primaryImageOfPage\":{\"@id\":\"https:\\\/\\\/wellnesshotelfiemme.com\\\/de\\\/offerta\\\/dolomiti-spring-days-76\\\/#primaryimage\"},\"image\":{\"@id\":\"https:\\\/\\\/wellnesshotelfiemme.com\\\/de\\\/offerta\\\/dolomiti-spring-days-76\\\/#primaryimage\"},\"thumbnailUrl\":\"https:\\\/\\\/wellnesshotelfiemme.com\\\/wp-content\\\/uploads\\\/2024\\\/09\\\/Alpe-Cermis-Modica-Sci-scaled.jpg\",\"datePublished\":\"2025-02-17T17:21:39+00:00\",\"dateModified\":\"2026-03-03T10:08:08+00:00\",\"breadcrumb\":{\"@id\":\"https:\\\/\\\/wellnesshotelfiemme.com\\\/de\\\/offerta\\\/dolomiti-spring-days-76\\\/#breadcrumb\"},\"inLanguage\":\"de\",\"potentialAction\":[{\"@type\":\"ReadAction\",\"target\":[\"https:\\\/\\\/wellnesshotelfiemme.com\\\/de\\\/offerta\\\/dolomiti-spring-days-76\\\/\"]}]},{\"@type\":\"ImageObject\",\"inLanguage\":\"de\",\"@id\":\"https:\\\/\\\/wellnesshotelfiemme.com\\\/de\\\/offerta\\\/dolomiti-spring-days-76\\\/#primaryimage\",\"url\":\"https:\\\/\\\/wellnesshotelfiemme.com\\\/wp-content\\\/uploads\\\/2024\\\/09\\\/Alpe-Cermis-Modica-Sci-scaled.jpg\",\"contentUrl\":\"https:\\\/\\\/wellnesshotelfiemme.com\\\/wp-content\\\/uploads\\\/2024\\\/09\\\/Alpe-Cermis-Modica-Sci-scaled.jpg\",\"width\":2560,\"height\":1707},{\"@type\":\"BreadcrumbList\",\"@id\":\"https:\\\/\\\/wellnesshotelfiemme.com\\\/de\\\/offerta\\\/dolomiti-spring-days-76\\\/#breadcrumb\",\"itemListElement\":[{\"@type\":\"ListItem\",\"position\":1,\"name\":\"Home\",\"item\":\"https:\\\/\\\/wellnesshotelfiemme.com\\\/de\\\/\"},{\"@type\":\"ListItem\",\"position\":2,\"name\":\"Offers\",\"item\":\"https:\\\/\\\/wellnesshotelfiemme.com\\\/offerta\\\/\"},{\"@type\":\"ListItem\",\"position\":3,\"name\":\"Dolomiti Spring Days\"}]},{\"@type\":\"WebSite\",\"@id\":\"https:\\\/\\\/wellnesshotelfiemme.com\\\/#website\",\"url\":\"https:\\\/\\\/wellnesshotelfiemme.com\\\/\",\"name\":\"Wellness Hotel Erica\",\"description\":\"\",\"publisher\":{\"@id\":\"https:\\\/\\\/wellnesshotelfiemme.com\\\/#organization\"},\"potentialAction\":[{\"@type\":\"SearchAction\",\"target\":{\"@type\":\"EntryPoint\",\"urlTemplate\":\"https:\\\/\\\/wellnesshotelfiemme.com\\\/?s={search_term_string}\"},\"query-input\":{\"@type\":\"PropertyValueSpecification\",\"valueRequired\":true,\"valueName\":\"search_term_string\"}}],\"inLanguage\":\"de\"},{\"@type\":\"Organization\",\"@id\":\"https:\\\/\\\/wellnesshotelfiemme.com\\\/#organization\",\"name\":\"Wellness Hotel Erica\",\"url\":\"https:\\\/\\\/wellnesshotelfiemme.com\\\/\",\"logo\":{\"@type\":\"ImageObject\",\"inLanguage\":\"de\",\"@id\":\"https:\\\/\\\/wellnesshotelfiemme.com\\\/#\\\/schema\\\/logo\\\/image\\\/\",\"url\":\"https:\\\/\\\/wellnesshotelfiemme.com\\\/wp-content\\\/uploads\\\/2024\\\/03\\\/Hotel_Erica_logo.webp\",\"contentUrl\":\"https:\\\/\\\/wellnesshotelfiemme.com\\\/wp-content\\\/uploads\\\/2024\\\/03\\\/Hotel_Erica_logo.webp\",\"width\":340,\"height\":165,\"caption\":\"Wellness Hotel Erica\"},\"image\":{\"@id\":\"https:\\\/\\\/wellnesshotelfiemme.com\\\/#\\\/schema\\\/logo\\\/image\\\/\"},\"sameAs\":[\"https:\\\/\\\/www.facebook.com\\\/hotelericafreedominthealps\\\/\",\"https:\\\/\\\/www.instagram.com\\\/hotel_erica_freedominthealps\\\/freedominthealps\\\/\"]}]}<\/script>\n<!-- \/ Yoast SEO plugin. -->","yoast_head_json":{"title":"Dolomiti Spring Days - Wellness Hotel Erica","robots":{"index":"index","follow":"follow","max-snippet":"max-snippet:-1","max-image-preview":"max-image-preview:large","max-video-preview":"max-video-preview:-1"},"canonical":"https:\/\/wellnesshotelfiemme.com\/de\/offerta\/dolomiti-spring-days-76\/","og_locale":"de_DE","og_type":"article","og_title":"Dolomiti Spring Days - Wellness Hotel Erica","og_description":"Mit Dolomiti Spring Days lohnt sich der Fr\u00fchling in den Dolomiten noch mehr. L\u00e4ngere Tage, perfekt pr\u00e4parierte Pisten am Morgen und die Sonne, die die Bergluft erw\u00e4rmt.Mit diesem Angebot bleibst du l\u00e4nger und zahlst weniger: ein Tag ist gratis. FORMEL 7 = 6 Vom 15. M\u00e4rz bis 21. M\u00e4rz 7 N\u00e4chte zum Preis von 6 [&hellip;]","og_url":"https:\/\/wellnesshotelfiemme.com\/de\/offerta\/dolomiti-spring-days-76\/","og_site_name":"Wellness Hotel Erica","article_publisher":"https:\/\/www.facebook.com\/hotelericafreedominthealps\/","article_modified_time":"2026-03-03T10:08:08+00:00","og_image":[{"width":2560,"height":1707,"url":"https:\/\/wellnesshotelfiemme.com\/wp-content\/uploads\/2024\/09\/Alpe-Cermis-Modica-Sci-scaled.jpg","type":"image\/jpeg"}],"twitter_card":"summary_large_image","twitter_misc":{"Gesch\u00e4tzte Lesezeit":"2\u00a0Minuten"},"schema":{"@context":"https:\/\/schema.org","@graph":[{"@type":"WebPage","@id":"https:\/\/wellnesshotelfiemme.com\/de\/offerta\/dolomiti-spring-days-76\/","url":"https:\/\/wellnesshotelfiemme.com\/de\/offerta\/dolomiti-spring-days-76\/","name":"Dolomiti Spring Days - Wellness Hotel Erica","isPartOf":{"@id":"https:\/\/wellnesshotelfiemme.com\/#website"},"primaryImageOfPage":{"@id":"https:\/\/wellnesshotelfiemme.com\/de\/offerta\/dolomiti-spring-days-76\/#primaryimage"},"image":{"@id":"https:\/\/wellnesshotelfiemme.com\/de\/offerta\/dolomiti-spring-days-76\/#primaryimage"},"thumbnailUrl":"https:\/\/wellnesshotelfiemme.com\/wp-content\/uploads\/2024\/09\/Alpe-Cermis-Modica-Sci-scaled.jpg","datePublished":"2025-02-17T17:21:39+00:00","dateModified":"2026-03-03T10:08:08+00:00","breadcrumb":{"@id":"https:\/\/wellnesshotelfiemme.com\/de\/offerta\/dolomiti-spring-days-76\/#breadcrumb"},"inLanguage":"de","potentialAction":[{"@type":"ReadAction","target":["https:\/\/wellnesshotelfiemme.com\/de\/offerta\/dolomiti-spring-days-76\/"]}]},{"@type":"ImageObject","inLanguage":"de","@id":"https:\/\/wellnesshotelfiemme.com\/de\/offerta\/dolomiti-spring-days-76\/#primaryimage","url":"https:\/\/wellnesshotelfiemme.com\/wp-content\/uploads\/2024\/09\/Alpe-Cermis-Modica-Sci-scaled.jpg","contentUrl":"https:\/\/wellnesshotelfiemme.com\/wp-content\/uploads\/2024\/09\/Alpe-Cermis-Modica-Sci-scaled.jpg","width":2560,"height":1707},{"@type":"BreadcrumbList","@id":"https:\/\/wellnesshotelfiemme.com\/de\/offerta\/dolomiti-spring-days-76\/#breadcrumb","itemListElement":[{"@type":"ListItem","position":1,"name":"Home","item":"https:\/\/wellnesshotelfiemme.com\/de\/"},{"@type":"ListItem","position":2,"name":"Offers","item":"https:\/\/wellnesshotelfiemme.com\/offerta\/"},{"@type":"ListItem","position":3,"name":"Dolomiti Spring Days"}]},{"@type":"WebSite","@id":"https:\/\/wellnesshotelfiemme.com\/#website","url":"https:\/\/wellnesshotelfiemme.com\/","name":"Wellness Hotel Erica","description":"","publisher":{"@id":"https:\/\/wellnesshotelfiemme.com\/#organization"},"potentialAction":[{"@type":"SearchAction","target":{"@type":"EntryPoint","urlTemplate":"https:\/\/wellnesshotelfiemme.com\/?s={search_term_string}"},"query-input":{"@type":"PropertyValueSpecification","valueRequired":true,"valueName":"search_term_string"}}],"inLanguage":"de"},{"@type":"Organization","@id":"https:\/\/wellnesshotelfiemme.com\/#organization","name":"Wellness Hotel Erica","url":"https:\/\/wellnesshotelfiemme.com\/","logo":{"@type":"ImageObject","inLanguage":"de","@id":"https:\/\/wellnesshotelfiemme.com\/#\/schema\/logo\/image\/","url":"https:\/\/wellnesshotelfiemme.com\/wp-content\/uploads\/2024\/03\/Hotel_Erica_logo.webp","contentUrl":"https:\/\/wellnesshotelfiemme.com\/wp-content\/uploads\/2024\/03\/Hotel_Erica_logo.webp","width":340,"height":165,"caption":"Wellness Hotel Erica"},"image":{"@id":"https:\/\/wellnesshotelfiemme.com\/#\/schema\/logo\/image\/"},"sameAs":["https:\/\/www.facebook.com\/hotelericafreedominthealps\/","https:\/\/www.instagram.com\/hotel_erica_freedominthealps\/freedominthealps\/"]}]}},"meta_box":{"subtitle":"Mit dem Angebot Dolomiti Spring Days bleiben Sie l\u00e4nger \u2026 und zahlen weniger!","periodo":"vom 15. M\u00e4rz bis 21. M\u00e4rz vom 21. M\u00e4rz bis Saisonende","prezzo_da":"455,00 \u20ac f\u00fcr 4 N\u00e4chte im Zimmer inklusive Fr\u00fchst\u00fcck + 183,00 \u20ac pro Person f\u00fcr den Skipass","mini_gallery":[{"width":150,"height":150,"file":"2024\/09\/Pampeago-sopra-nuvole-Panozzo.jpg","filesize":798892,"sizes":{"medium":{"file":"Pampeago-sopra-nuvole-Panozzo-300x200.jpg","width":300,"height":200,"mime-type":"image\/jpeg","filesize":19276,"url":"https:\/\/wellnesshotelfiemme.com\/wp-content\/uploads\/2024\/09\/Pampeago-sopra-nuvole-Panozzo-300x200.jpg"},"large":{"file":"Pampeago-sopra-nuvole-Panozzo-1024x682.jpg","width":1024,"height":682,"mime-type":"image\/jpeg","filesize":141397,"url":"https:\/\/wellnesshotelfiemme.com\/wp-content\/uploads\/2024\/09\/Pampeago-sopra-nuvole-Panozzo-1024x682.jpg"},"thumbnail":{"file":"Pampeago-sopra-nuvole-Panozzo-150x150.jpg","width":150,"height":150,"mime-type":"image\/jpeg","filesize":9485,"url":"https:\/\/wellnesshotelfiemme.com\/wp-content\/uploads\/2024\/09\/Pampeago-sopra-nuvole-Panozzo-150x150.jpg"},"medium_large":{"file":"Pampeago-sopra-nuvole-Panozzo-768x512.jpg","width":768,"height":512,"mime-type":"image\/jpeg","filesize":87744,"url":"https:\/\/wellnesshotelfiemme.com\/wp-content\/uploads\/2024\/09\/Pampeago-sopra-nuvole-Panozzo-768x512.jpg"},"1536x1536":{"file":"Pampeago-sopra-nuvole-Panozzo-1536x1024.jpg","width":1536,"height":1024,"mime-type":"image\/jpeg","filesize":272234,"url":"https:\/\/wellnesshotelfiemme.com\/wp-content\/uploads\/2024\/09\/Pampeago-sopra-nuvole-Panozzo-1536x1024.jpg"}},"image_meta":{"aperture":"0","credit":"","camera":"","caption":"","created_timestamp":"0","copyright":"GAIAPANOZZO","focal_length":"0","iso":"0","shutter_speed":"0","title":"","orientation":"0","keywords":[]},"ID":"2493","name":"Pampeago-sopra-nuvole-Panozzo.jpg","path":"\/home\/u247373332\/domains\/wellnesshotelfiemme.com\/public_html\/wp-content\/uploads\/2024\/09\/Pampeago-sopra-nuvole-Panozzo.jpg","url":"https:\/\/wellnesshotelfiemme.com\/wp-content\/uploads\/2024\/09\/Pampeago-sopra-nuvole-Panozzo-150x150.jpg","full_url":"https:\/\/wellnesshotelfiemme.com\/wp-content\/uploads\/2024\/09\/Pampeago-sopra-nuvole-Panozzo.jpg","title":"Pampeago sopra nuvole Panozzo","caption":"","description":"","alt":"","srcset":false},{"width":150,"height":150,"file":"2024\/09\/Rifugio-Passo-Feudo-Val-Fiemme-Modica.jpg","filesize":1035826,"sizes":{"medium":{"file":"Rifugio-Passo-Feudo-Val-Fiemme-Modica-300x200.jpg","width":300,"height":200,"mime-type":"image\/jpeg","filesize":22796,"url":"https:\/\/wellnesshotelfiemme.com\/wp-content\/uploads\/2024\/09\/Rifugio-Passo-Feudo-Val-Fiemme-Modica-300x200.jpg"},"large":{"file":"Rifugio-Passo-Feudo-Val-Fiemme-Modica-1024x682.jpg","width":1024,"height":682,"mime-type":"image\/jpeg","filesize":181375,"url":"https:\/\/wellnesshotelfiemme.com\/wp-content\/uploads\/2024\/09\/Rifugio-Passo-Feudo-Val-Fiemme-Modica-1024x682.jpg"},"thumbnail":{"file":"Rifugio-Passo-Feudo-Val-Fiemme-Modica-150x150.jpg","width":150,"height":150,"mime-type":"image\/jpeg","filesize":10696,"url":"https:\/\/wellnesshotelfiemme.com\/wp-content\/uploads\/2024\/09\/Rifugio-Passo-Feudo-Val-Fiemme-Modica-150x150.jpg"},"medium_large":{"file":"Rifugio-Passo-Feudo-Val-Fiemme-Modica-768x512.jpg","width":768,"height":512,"mime-type":"image\/jpeg","filesize":109943,"url":"https:\/\/wellnesshotelfiemme.com\/wp-content\/uploads\/2024\/09\/Rifugio-Passo-Feudo-Val-Fiemme-Modica-768x512.jpg"},"1536x1536":{"file":"Rifugio-Passo-Feudo-Val-Fiemme-Modica-1536x1024.jpg","width":1536,"height":1024,"mime-type":"image\/jpeg","filesize":361238,"url":"https:\/\/wellnesshotelfiemme.com\/wp-content\/uploads\/2024\/09\/Rifugio-Passo-Feudo-Val-Fiemme-Modica-1536x1024.jpg"}},"image_meta":{"aperture":"0","credit":"","camera":"","caption":"","created_timestamp":"0","copyright":"3923499778","focal_length":"0","iso":"0","shutter_speed":"0","title":"","orientation":"0","keywords":[]},"ID":"2613","name":"Rifugio-Passo-Feudo-Val-Fiemme-Modica.jpg","path":"\/home\/u247373332\/domains\/wellnesshotelfiemme.com\/public_html\/wp-content\/uploads\/2024\/09\/Rifugio-Passo-Feudo-Val-Fiemme-Modica.jpg","url":"https:\/\/wellnesshotelfiemme.com\/wp-content\/uploads\/2024\/09\/Rifugio-Passo-Feudo-Val-Fiemme-Modica-150x150.jpg","full_url":"https:\/\/wellnesshotelfiemme.com\/wp-content\/uploads\/2024\/09\/Rifugio-Passo-Feudo-Val-Fiemme-Modica.jpg","title":"Rifugio Passo Feudo Val Fiemme Modica","caption":"","description":"","alt":"","srcset":false},{"width":150,"height":150,"file":"2024\/09\/Con-la-slitta-a-Bellamonte-Pg-visitfiemme.it-foto-Gaia-Panozzo.jpg","filesize":1644827,"sizes":{"medium":{"file":"Con-la-slitta-a-Bellamonte-Pg-visitfiemme.it-foto-Gaia-Panozzo-300x200.jpg","width":300,"height":200,"mime-type":"image\/jpeg","filesize":27151,"url":"https:\/\/wellnesshotelfiemme.com\/wp-content\/uploads\/2024\/09\/Con-la-slitta-a-Bellamonte-Pg-visitfiemme.it-foto-Gaia-Panozzo-300x200.jpg"},"large":{"file":"Con-la-slitta-a-Bellamonte-Pg-visitfiemme.it-foto-Gaia-Panozzo-1024x682.jpg","width":1024,"height":682,"mime-type":"image\/jpeg","filesize":257550,"url":"https:\/\/wellnesshotelfiemme.com\/wp-content\/uploads\/2024\/09\/Con-la-slitta-a-Bellamonte-Pg-visitfiemme.it-foto-Gaia-Panozzo-1024x682.jpg"},"thumbnail":{"file":"Con-la-slitta-a-Bellamonte-Pg-visitfiemme.it-foto-Gaia-Panozzo-150x150.jpg","width":150,"height":150,"mime-type":"image\/jpeg","filesize":11848,"url":"https:\/\/wellnesshotelfiemme.com\/wp-content\/uploads\/2024\/09\/Con-la-slitta-a-Bellamonte-Pg-visitfiemme.it-foto-Gaia-Panozzo-150x150.jpg"},"medium_large":{"file":"Con-la-slitta-a-Bellamonte-Pg-visitfiemme.it-foto-Gaia-Panozzo-768x512.jpg","width":768,"height":512,"mime-type":"image\/jpeg","filesize":149935,"url":"https:\/\/wellnesshotelfiemme.com\/wp-content\/uploads\/2024\/09\/Con-la-slitta-a-Bellamonte-Pg-visitfiemme.it-foto-Gaia-Panozzo-768x512.jpg"},"1536x1536":{"file":"Con-la-slitta-a-Bellamonte-Pg-visitfiemme.it-foto-Gaia-Panozzo-1536x1024.jpg","width":1536,"height":1024,"mime-type":"image\/jpeg","filesize":544192,"url":"https:\/\/wellnesshotelfiemme.com\/wp-content\/uploads\/2024\/09\/Con-la-slitta-a-Bellamonte-Pg-visitfiemme.it-foto-Gaia-Panozzo-1536x1024.jpg"}},"image_meta":{"aperture":"0","credit":"","camera":"","caption":"","created_timestamp":"0","copyright":"GAIAPANOZZO","focal_length":"0","iso":"0","shutter_speed":"0","title":"","orientation":"0","keywords":[]},"ID":"2145","name":"Con-la-slitta-a-Bellamonte-Pg-visitfiemme.it-foto-Gaia-Panozzo.jpg","path":"\/home\/u247373332\/domains\/wellnesshotelfiemme.com\/public_html\/wp-content\/uploads\/2024\/09\/Con-la-slitta-a-Bellamonte-Pg-visitfiemme.it-foto-Gaia-Panozzo.jpg","url":"https:\/\/wellnesshotelfiemme.com\/wp-content\/uploads\/2024\/09\/Con-la-slitta-a-Bellamonte-Pg-visitfiemme.it-foto-Gaia-Panozzo-150x150.jpg","full_url":"https:\/\/wellnesshotelfiemme.com\/wp-content\/uploads\/2024\/09\/Con-la-slitta-a-Bellamonte-Pg-visitfiemme.it-foto-Gaia-Panozzo.jpg","title":"Con-la-slitta-a-Bellamonte-Pg-visitfiemme.it-foto-Gaia-Panozzo","caption":"","description":"","alt":"","srcset":false},{"width":150,"height":150,"file":"2024\/09\/Alpe-Cermis-inverno-Modica-scaled.jpg","filesize":759376,"sizes":{"medium":{"file":"Alpe-Cermis-inverno-Modica-300x200.jpg","width":300,"height":200,"mime-type":"image\/jpeg","filesize":24480,"url":"https:\/\/wellnesshotelfiemme.com\/wp-content\/uploads\/2024\/09\/Alpe-Cermis-inverno-Modica-300x200.jpg"},"large":{"file":"Alpe-Cermis-inverno-Modica-1024x683.jpg","width":1024,"height":683,"mime-type":"image\/jpeg","filesize":163777,"url":"https:\/\/wellnesshotelfiemme.com\/wp-content\/uploads\/2024\/09\/Alpe-Cermis-inverno-Modica-1024x683.jpg"},"thumbnail":{"file":"Alpe-Cermis-inverno-Modica-150x150.jpg","width":150,"height":150,"mime-type":"image\/jpeg","filesize":13325,"url":"https:\/\/wellnesshotelfiemme.com\/wp-content\/uploads\/2024\/09\/Alpe-Cermis-inverno-Modica-150x150.jpg"},"medium_large":{"file":"Alpe-Cermis-inverno-Modica-768x512.jpg","width":768,"height":512,"mime-type":"image\/jpeg","filesize":101400,"url":"https:\/\/wellnesshotelfiemme.com\/wp-content\/uploads\/2024\/09\/Alpe-Cermis-inverno-Modica-768x512.jpg"},"1536x1536":{"file":"Alpe-Cermis-inverno-Modica-1536x1024.jpg","width":1536,"height":1024,"mime-type":"image\/jpeg","filesize":321792,"url":"https:\/\/wellnesshotelfiemme.com\/wp-content\/uploads\/2024\/09\/Alpe-Cermis-inverno-Modica-1536x1024.jpg"},"2048x2048":{"file":"Alpe-Cermis-inverno-Modica-2048x1365.jpg","width":2048,"height":1365,"mime-type":"image\/jpeg","filesize":524104,"url":"https:\/\/wellnesshotelfiemme.com\/wp-content\/uploads\/2024\/09\/Alpe-Cermis-inverno-Modica-2048x1365.jpg"}},"image_meta":{"aperture":"0","credit":"","camera":"","caption":"","created_timestamp":"1456822256","copyright":"","focal_length":"0","iso":"0","shutter_speed":"0","title":"","orientation":"0","keywords":[]},"original_image":"Alpe-Cermis-inverno-Modica.jpg","ID":"1851","name":"Alpe-Cermis-inverno-Modica-scaled.jpg","path":"\/home\/u247373332\/domains\/wellnesshotelfiemme.com\/public_html\/wp-content\/uploads\/2024\/09\/Alpe-Cermis-inverno-Modica-scaled.jpg","url":"https:\/\/wellnesshotelfiemme.com\/wp-content\/uploads\/2024\/09\/Alpe-Cermis-inverno-Modica-150x150.jpg","full_url":"https:\/\/wellnesshotelfiemme.com\/wp-content\/uploads\/2024\/09\/Alpe-Cermis-inverno-Modica-scaled.jpg","title":"Alpe Cermis inverno Modica","caption":"","description":"","alt":"","srcset":false}],"blocchi_testo":["<ul>\n<li data-start=\"491\" data-end=\"543\">\n<p data-start=\"493\" data-end=\"543\">7 oder 4 N\u00e4chte in unseren <strong>komfortablen Zimmern<\/strong>;<\/p>\n<\/li>\n<li data-start=\"491\" data-end=\"543\">\n<p data-start=\"493\" data-end=\"543\">\u00dcbernachtung mit Fr\u00fchst\u00fcck oder Halbpension mit s\u00fc\u00dfem und herzhaftem Fr\u00fchst\u00fccksbuffet sowie 3-G\u00e4nge-Abendessen mit reichhaltigem Buffet;<\/p>\n<\/li>\n<li data-start=\"544\" data-end=\"684\">\n<p data-start=\"546\" data-end=\"684\">Zugang zu unserem gem\u00fctlichen <a href=\"https:\/\/wellnesshotelfiemme.com\/de\/wellness\/\"><strong>Wellnessbereich<\/strong><\/a> mit beheiztem Innen- und Au\u00dfenpool, Infrarotkabine, finnischer Sauna, Bio-Sauna, Dampfbad, Erlebnisduschen und Whirlpool.<\/p>\n<\/li>\n<\/ul>\n","<h6 class=\"moreinfo\">EINGESCHLOSSENE EINRICHTUNGEN<\/h6>\n<ul>\n<li>\n<p class=\"moreinfo\">abwechslungsreiches, von der <strong>Familie<\/strong> begleitetes <strong>Wochenprogramm;<\/strong><\/p>\n<\/li>\n<li>\n<p class=\"moreinfo\">w\u00f6chentliches <strong>Programm<\/strong> mit <strong>Yoga, Meditation<\/strong> und <strong>Atem\u00fcbungen<\/strong> mit <a href=\"https:\/\/wellnesshotelfiemme.com\/de\/freedom-erlebnisse\/\">Giulia.<\/a><\/p>\n<\/li>\n<\/ul>\n"],"offerte_box_grigio":"<h6>IMMER:<\/h6>\n<ul>\n<li><strong>Wi-Fi\u00a0<\/strong>im gesamten Hotelbereich<\/li>\n<li>Freier\u00a0<strong>Parkplatz\u00a0<\/strong>oder\u00a0<strong>Garage<\/strong>\u00a0(5,00 \u20ac pro Nacht)<\/li>\n<li>auf Anfrage:\u00a0<strong>Vegetarische<\/strong>\u00a0K\u00fcche,\u00a0<strong>laktosefreie<\/strong>\u00a0und auf\u00a0andere\u00a0<strong>Allergien<\/strong>\u00a0und<strong>\u00a0Intolleranzen<\/strong>\u00a0abgestimmte Speisen,\u00a0<strong>glutenfreier<\/strong>\u00a0Speisen.<\/li>\n<\/ul>\n"},"_links":{"self":[{"href":"https:\/\/wellnesshotelfiemme.com\/de\/wp-json\/wp\/v2\/offerta\/10513","targetHints":{"allow":["GET"]}}],"collection":[{"href":"https:\/\/wellnesshotelfiemme.com\/de\/wp-json\/wp\/v2\/offerta"}],"about":[{"href":"https:\/\/wellnesshotelfiemme.com\/de\/wp-json\/wp\/v2\/types\/offerta"}],"wp:featuredmedia":[{"embeddable":true,"href":"https:\/\/wellnesshotelfiemme.com\/de\/wp-json\/wp\/v2\/media\/1862"}],"wp:attachment":[{"href":"https:\/\/wellnesshotelfiemme.com\/de\/wp-json\/wp\/v2\/media?parent=10513"}],"wp:term":[{"taxonomy":"category","embeddable":true,"href":"https:\/\/wellnesshotelfiemme.com\/de\/wp-json\/wp\/v2\/categories?post=10513"},{"taxonomy":"post_tag","embeddable":true,"href":"https:\/\/wellnesshotelfiemme.com\/de\/wp-json\/wp\/v2\/tags?post=10513"}],"curies":[{"name":"wp","href":"https:\/\/api.w.org\/{rel}","templated":true}]}}